{"id":147,"date":"2024-04-12T20:50:31","date_gmt":"2024-04-12T20:50:31","guid":{"rendered":"https:\/\/www.miniforest.fi\/sivut\/?page_id=147"},"modified":"2025-04-29T11:24:23","modified_gmt":"2025-04-29T11:24:23","slug":"hinnasto","status":"publish","type":"page","link":"https:\/\/www.miniforest.fi\/sivut\/hinnasto\/","title":{"rendered":"Tuotteet ja hinnasto"},"content":{"rendered":"\n<figure class=\"wp-block-table is-style-stripes\"><table><tbody><tr><td><\/td><td><strong>Hinta<\/strong><\/td><td><strong>Alv<\/strong><\/td><td class=\"has-text-align-right\" data-align=\"right\"><strong>Hinta Alv 25,5%<\/strong><\/td><\/tr><tr><td>Mini Forest maapora 48 mm<\/td><td>80,00\u20ac<\/td><td>20,40\u20ac<\/td><td class=\"has-text-align-right\" data-align=\"right\">100,40\u20ac<\/td><\/tr><tr><td>Mini Forest Taimitarrain<\/td><td>80,00\u20ac<\/td><td>20,40\u20ac<\/td><td class=\"has-text-align-right\" data-align=\"right\">100,40\u20ac<\/td><\/tr><tr><td>Mini Forest Varpupiiskuri<\/td><td>19,00\u20ac<\/td><td>4,84\u20ac<\/td><td class=\"has-text-align-right\" data-align=\"right\">23,84\u20ac<\/td><\/tr><tr><td>Postimaksu ja l\u00e4hetys<\/td><td>17,00\u20ac<\/td><td>4,34\u20ac<\/td><td class=\"has-text-align-right\" data-align=\"right\">21,34\u20ac<\/td><\/tr><tr><td><strong>Maksettava hinta yhteens\u00e4<\/strong><\/td><td>196,00\u20ac<\/td><td>49,98\u20ac<\/td><td class=\"has-text-align-right\" data-align=\"right\"><strong>245,98\u20ac<\/strong><\/td><\/tr><tr><td><strong>T\u00e4m\u00e4 on peruspaketti, jolla p\u00e4\u00e4set hyv\u00e4\u00e4n alkuun<\/strong><\/td><td><\/td><td><\/td><td class=\"has-text-align-right\" data-align=\"right\"><\/td><\/tr><tr><td><\/td><td><\/td><td><\/td><td class=\"has-text-align-right\" data-align=\"right\"><\/td><\/tr><tr><td>Mini Forest maapora 60 mm<\/td><td>100,00\u20ac<\/td><td>25,50\u20ac<\/td><td class=\"has-text-align-right\" data-align=\"right\">125,50\u20ac<\/td><\/tr><tr><td><strong>Maxipaketti = peruspaketti johon lis\u00e4t\u00e4\u00e4n isopora<\/strong><\/td><td><\/td><td><\/td><td class=\"has-text-align-right\" data-align=\"right\"><\/td><\/tr><tr><td><strong>Maksettava hinta yhteens\u00e4:<\/strong><\/td><td><strong>296,00\u20ac<\/strong><\/td><td><strong>75,48\u20ac<\/strong><\/td><td class=\"has-text-align-right\" data-align=\"right\"><strong>371,48\u20ac<\/strong><\/td><\/tr><tr><td><\/td><td><\/td><td><\/td><td class=\"has-text-align-right\" data-align=\"right\"><\/td><\/tr><\/tbody><\/table><\/figure>\n\n\n\n<p><\/p>\n\n\n\n<p>Taimitarrain kuuluu oleellisena osana poraistutukseen. Tarraimen tartunta elimet ( L muotoiset liuskat) suojaavat taimipaakkua, kunpaakku ty\u00f6nnet\u00e4\u00e4n porareik\u00e4\u00e4n. Porarei\u00e4ss\u00e4 usein on pieni\u00e4 katkenneita juuria, n\u00e4m\u00e4 voivat rikkoa paakun, ja taimen tuenta j\u00e4\u00e4 heikoksi. Suosittelemme, jos tilaa poran, kannattaa ottaa my\u00f6s taimitarrain. Sama tarrain toimii molemmilla porareill\u00e4.<\/p>\n\n\n\n<p><strong>Paketissa mukana ohjeita ja lasku 14 pv netto.<\/strong> <strong>Toimitusaika 1-3 p\u00e4iv\u00e4\u00e4.<\/strong><\/p>\n\n\n\n<figure class=\"wp-block-image size-large is-resized\"><img loading=\"lazy\" decoding=\"async\" width=\"1024\" height=\"314\" data-attachment-id=\"16\" data-permalink=\"https:\/\/www.miniforest.fi\/sivut\/pora_netti\/\" data-orig-file=\"https:\/\/www.miniforest.fi\/sivut\/wp-content\/uploads\/2019\/03\/pora_netti.jpg\" data-orig-size=\"4658,1430\" data-comments-opened=\"1\" data-image-meta=\"{&quot;aperture&quot;:&quot;5.6&quot;,&quot;credit&quot;:&quot;Sanna Hellekoski&quot;,&quot;camera&quot;:&quot;Canon EOS 7D Mark II&quot;,&quot;caption&quot;:&quot;&quot;,&quot;created_timestamp&quot;:&quot;1552319267&quot;,&quot;copyright&quot;:&quot;Sanna Hellekoski&quot;,&quot;focal_length&quot;:&quot;50&quot;,&quot;iso&quot;:&quot;100&quot;,&quot;shutter_speed&quot;:&quot;0.00625&quot;,&quot;title&quot;:&quot;&quot;,&quot;orientation&quot;:&quot;1&quot;}\" data-image-title=\"pora_netti\" data-image-description=\"\" data-image-caption=\"\" data-medium-file=\"https:\/\/www.miniforest.fi\/sivut\/wp-content\/uploads\/2019\/03\/pora_netti-300x92.jpg\" data-large-file=\"https:\/\/www.miniforest.fi\/sivut\/wp-content\/uploads\/2019\/03\/pora_netti-1024x314.jpg\" src=\"https:\/\/www.miniforest.fi\/sivut\/wp-content\/uploads\/2019\/03\/pora_netti-1024x314.jpg\" alt=\"\" class=\"wp-image-16\" style=\"width:840px;height:auto\" srcset=\"https:\/\/www.miniforest.fi\/sivut\/wp-content\/uploads\/2019\/03\/pora_netti-1024x314.jpg 1024w, https:\/\/www.miniforest.fi\/sivut\/wp-content\/uploads\/2019\/03\/pora_netti-300x92.jpg 300w, https:\/\/www.miniforest.fi\/sivut\/wp-content\/uploads\/2019\/03\/pora_netti-768x236.jpg 768w, https:\/\/www.miniforest.fi\/sivut\/wp-content\/uploads\/2019\/03\/pora_netti-1140x350.jpg 1140w\" sizes=\"auto, (max-width: 1024px) 100vw, 1024px\" \/><figcaption class=\"wp-element-caption\"><em>MiniForest maapora<\/em><\/figcaption><\/figure>\n\n\n\n<figure class=\"wp-block-image size-large is-style-default\"><img loading=\"lazy\" decoding=\"async\" width=\"1024\" height=\"381\" data-attachment-id=\"17\" data-permalink=\"https:\/\/www.miniforest.fi\/sivut\/tarrain_netti\/\" data-orig-file=\"https:\/\/www.miniforest.fi\/sivut\/wp-content\/uploads\/2019\/03\/tarrain_netti.jpg\" data-orig-size=\"5304,1973\" data-comments-opened=\"1\" data-image-meta=\"{&quot;aperture&quot;:&quot;5.6&quot;,&quot;credit&quot;:&quot;Sanna Hellekoski&quot;,&quot;camera&quot;:&quot;Canon EOS 7D Mark II&quot;,&quot;caption&quot;:&quot;&quot;,&quot;created_timestamp&quot;:&quot;1552319081&quot;,&quot;copyright&quot;:&quot;Sanna Hellekoski&quot;,&quot;focal_length&quot;:&quot;50&quot;,&quot;iso&quot;:&quot;100&quot;,&quot;shutter_speed&quot;:&quot;0.00625&quot;,&quot;title&quot;:&quot;&quot;,&quot;orientation&quot;:&quot;1&quot;}\" data-image-title=\"tarrain_netti\" data-image-description=\"\" data-image-caption=\"\" data-medium-file=\"https:\/\/www.miniforest.fi\/sivut\/wp-content\/uploads\/2019\/03\/tarrain_netti-300x112.jpg\" data-large-file=\"https:\/\/www.miniforest.fi\/sivut\/wp-content\/uploads\/2019\/03\/tarrain_netti-1024x381.jpg\" src=\"https:\/\/www.miniforest.fi\/sivut\/wp-content\/uploads\/2019\/03\/tarrain_netti-1024x381.jpg\" alt=\"\" class=\"wp-image-17\" srcset=\"https:\/\/www.miniforest.fi\/sivut\/wp-content\/uploads\/2019\/03\/tarrain_netti-1024x381.jpg 1024w, https:\/\/www.miniforest.fi\/sivut\/wp-content\/uploads\/2019\/03\/tarrain_netti-300x112.jpg 300w, https:\/\/www.miniforest.fi\/sivut\/wp-content\/uploads\/2019\/03\/tarrain_netti-768x286.jpg 768w, https:\/\/www.miniforest.fi\/sivut\/wp-content\/uploads\/2019\/03\/tarrain_netti-1140x424.jpg 1140w\" sizes=\"auto, (max-width: 1024px) 100vw, 1024px\" \/><figcaption class=\"wp-element-caption\"><em>MiniForest taimitarrain<\/em><\/figcaption><\/figure>\n\n\n\n<p><strong>Tee tilaus mieluiten s\u00e4hk\u00f6postilla tai tekstiviestill\u00e4, mutta my\u00f6s puhelimella, ei aivan auringon nousun ja laskun v\u00e4lill\u00e4, mutta melkein.<\/strong><\/p>\n\n\n\n<p>S\u00e4hk\u00f6posti: rantakallio.seppo(at)gmail.com<br>p. 040 501 6820<\/p>\n","protected":false},"excerpt":{"rendered":"<p>Hinta Alv Hinta Alv 25,5% Mini Forest maapora 48 mm 80,00\u20ac 20,40\u20ac 100,40\u20ac Mini Forest Taimitarrain 80,00\u20ac 20,40\u20ac 100,40\u20ac Mini Forest Varpupiiskuri 19,00\u20ac 4,84\u20ac 23,84\u20ac Postimaksu ja l\u00e4hetys 17,00\u20ac 4,34\u20ac 21,34\u20ac Maksettava hinta yhteens\u00e4 196,00\u20ac 49,98\u20ac 245,98\u20ac T\u00e4m\u00e4 on peruspaketti, jolla p\u00e4\u00e4set hyv\u00e4\u00e4n alkuun Mini Forest maapora 60 mm 100,00\u20ac 25,50\u20ac 125,50\u20ac Maxipaketti = peruspaketti johon lis\u00e4t\u00e4\u00e4n isopora Maksettava hinta yhteens\u00e4: 296,00\u20ac 75,48\u20ac 371,48\u20ac Taimitarrain kuuluu oleellisena osana poraistutukseen. Tarraimen tartunta elimet ( L muotoiset liuskat) suojaavat taimipaakkua, kunpaakku ty\u00f6nnet\u00e4\u00e4n porareik\u00e4\u00e4n. Porarei\u00e4ss\u00e4 usein on pieni\u00e4 katkenneita juuria, n\u00e4m\u00e4 voivat rikkoa paakun, ja taimen tuenta j\u00e4\u00e4 heikoksi. Suosittelemme, jos tilaa poran, kannattaa ottaa my\u00f6s taimitarrain. Sama tarrain toimii molemmilla porareill\u00e4. Paketissa mukana ohjeita ja lasku 14 pv netto. Toimitusaika 1-3 p\u00e4iv\u00e4\u00e4. Tee tilaus mieluiten s\u00e4hk\u00f6postilla tai tekstiviestill\u00e4, mutta my\u00f6s puhelimella, ei aivan auringon nousun ja laskun v\u00e4lill\u00e4, mutta melkein. S\u00e4hk\u00f6posti: rantakallio.seppo(at)gmail.comp. 040 501 6820<\/p>\n","protected":false},"author":1,"featured_media":0,"parent":0,"menu_order":0,"comment_status":"closed","ping_status":"closed","template":"","meta":{"jetpack_post_was_ever_published":false,"footnotes":""},"class_list":["post-147","page","type-page","status-publish","hentry"],"yoast_head":"<!-- This site is optimized with the Yoast SEO plugin v20.2.1 - https:\/\/yoast.com\/wordpress\/plugins\/seo\/ -->\n<title>Tuotteet ja hinnasto - Mini Forest<\/title>\n<meta name=\"robots\" content=\"index, follow, max-snippet:-1, max-image-preview:large, max-video-preview:-1\" \/>\n<link rel=\"canonical\" href=\"https:\/\/www.miniforest.fi\/sivut\/hinnasto\/\" \/>\n<meta property=\"og:locale\" content=\"fi_FI\" \/>\n<meta property=\"og:type\" content=\"article\" \/>\n<meta property=\"og:title\" content=\"Tuotteet ja hinnasto - Mini Forest\" \/>\n<meta property=\"og:description\" content=\"Hinta Alv Hinta Alv 25,5% Mini Forest maapora 48 mm 80,00\u20ac 20,40\u20ac 100,40\u20ac Mini Forest Taimitarrain 80,00\u20ac 20,40\u20ac 100,40\u20ac Mini Forest Varpupiiskuri 19,00\u20ac 4,84\u20ac 23,84\u20ac Postimaksu ja l\u00e4hetys 17,00\u20ac 4,34\u20ac 21,34\u20ac Maksettava hinta yhteens\u00e4 196,00\u20ac 49,98\u20ac 245,98\u20ac T\u00e4m\u00e4 on peruspaketti, jolla p\u00e4\u00e4set hyv\u00e4\u00e4n alkuun Mini Forest maapora 60 mm 100,00\u20ac 25,50\u20ac 125,50\u20ac Maxipaketti = peruspaketti johon lis\u00e4t\u00e4\u00e4n isopora Maksettava hinta yhteens\u00e4: 296,00\u20ac 75,48\u20ac 371,48\u20ac Taimitarrain kuuluu oleellisena osana poraistutukseen. Tarraimen tartunta elimet ( L muotoiset liuskat) suojaavat taimipaakkua, kunpaakku ty\u00f6nnet\u00e4\u00e4n porareik\u00e4\u00e4n. Porarei\u00e4ss\u00e4 usein on pieni\u00e4 katkenneita juuria, n\u00e4m\u00e4 voivat rikkoa paakun, ja taimen tuenta j\u00e4\u00e4 heikoksi. Suosittelemme, jos tilaa poran, kannattaa ottaa my\u00f6s taimitarrain. Sama tarrain toimii molemmilla porareill\u00e4. Paketissa mukana ohjeita ja lasku 14 pv netto. Toimitusaika 1-3 p\u00e4iv\u00e4\u00e4. Tee tilaus mieluiten s\u00e4hk\u00f6postilla tai tekstiviestill\u00e4, mutta my\u00f6s puhelimella, ei aivan auringon nousun ja laskun v\u00e4lill\u00e4, mutta melkein. S\u00e4hk\u00f6posti: rantakallio.seppo(at)gmail.comp. 040 501 6820\" \/>\n<meta property=\"og:url\" content=\"https:\/\/www.miniforest.fi\/sivut\/hinnasto\/\" \/>\n<meta property=\"og:site_name\" content=\"Mini Forest\" \/>\n<meta property=\"article:modified_time\" content=\"2025-04-29T11:24:23+00:00\" \/>\n<meta property=\"og:image\" content=\"https:\/\/www.miniforest.fi\/sivut\/wp-content\/uploads\/2019\/03\/pora_netti-1024x314.jpg\" \/>\n<meta name=\"twitter:card\" content=\"summary_large_image\" \/>\n<meta name=\"twitter:label1\" content=\"Arvioitu lukuaika\" \/>\n\t<meta name=\"twitter:data1\" content=\"2 minuuttia\" \/>\n<script type=\"application\/ld+json\" class=\"yoast-schema-graph\">{\"@context\":\"https:\/\/schema.org\",\"@graph\":[{\"@type\":\"WebPage\",\"@id\":\"https:\/\/www.miniforest.fi\/sivut\/hinnasto\/\",\"url\":\"https:\/\/www.miniforest.fi\/sivut\/hinnasto\/\",\"name\":\"Tuotteet ja hinnasto - Mini Forest\",\"isPartOf\":{\"@id\":\"https:\/\/www.miniforest.fi\/sivut\/#website\"},\"datePublished\":\"2024-04-12T20:50:31+00:00\",\"dateModified\":\"2025-04-29T11:24:23+00:00\",\"breadcrumb\":{\"@id\":\"https:\/\/www.miniforest.fi\/sivut\/hinnasto\/#breadcrumb\"},\"inLanguage\":\"fi\",\"potentialAction\":[{\"@type\":\"ReadAction\",\"target\":[\"https:\/\/www.miniforest.fi\/sivut\/hinnasto\/\"]}]},{\"@type\":\"BreadcrumbList\",\"@id\":\"https:\/\/www.miniforest.fi\/sivut\/hinnasto\/#breadcrumb\",\"itemListElement\":[{\"@type\":\"ListItem\",\"position\":1,\"name\":\"Home\",\"item\":\"https:\/\/www.miniforest.fi\/sivut\/\"},{\"@type\":\"ListItem\",\"position\":2,\"name\":\"Tuotteet ja hinnasto\"}]},{\"@type\":\"WebSite\",\"@id\":\"https:\/\/www.miniforest.fi\/sivut\/#website\",\"url\":\"https:\/\/www.miniforest.fi\/sivut\/\",\"name\":\"Mini Forest\",\"description\":\"M\u00c4T\u00c4STYKSET HISTORIAAN\",\"potentialAction\":[{\"@type\":\"SearchAction\",\"target\":{\"@type\":\"EntryPoint\",\"urlTemplate\":\"https:\/\/www.miniforest.fi\/sivut\/?s={search_term_string}\"},\"query-input\":\"required name=search_term_string\"}],\"inLanguage\":\"fi\"}]}<\/script>\n<!-- \/ Yoast SEO plugin. -->","yoast_head_json":{"title":"Tuotteet ja hinnasto - Mini Forest","robots":{"index":"index","follow":"follow","max-snippet":"max-snippet:-1","max-image-preview":"max-image-preview:large","max-video-preview":"max-video-preview:-1"},"canonical":"https:\/\/www.miniforest.fi\/sivut\/hinnasto\/","og_locale":"fi_FI","og_type":"article","og_title":"Tuotteet ja hinnasto - Mini Forest","og_description":"Hinta Alv Hinta Alv 25,5% Mini Forest maapora 48 mm 80,00\u20ac 20,40\u20ac 100,40\u20ac Mini Forest Taimitarrain 80,00\u20ac 20,40\u20ac 100,40\u20ac Mini Forest Varpupiiskuri 19,00\u20ac 4,84\u20ac 23,84\u20ac Postimaksu ja l\u00e4hetys 17,00\u20ac 4,34\u20ac 21,34\u20ac Maksettava hinta yhteens\u00e4 196,00\u20ac 49,98\u20ac 245,98\u20ac T\u00e4m\u00e4 on peruspaketti, jolla p\u00e4\u00e4set hyv\u00e4\u00e4n alkuun Mini Forest maapora 60 mm 100,00\u20ac 25,50\u20ac 125,50\u20ac Maxipaketti = peruspaketti johon lis\u00e4t\u00e4\u00e4n isopora Maksettava hinta yhteens\u00e4: 296,00\u20ac 75,48\u20ac 371,48\u20ac Taimitarrain kuuluu oleellisena osana poraistutukseen. Tarraimen tartunta elimet ( L muotoiset liuskat) suojaavat taimipaakkua, kunpaakku ty\u00f6nnet\u00e4\u00e4n porareik\u00e4\u00e4n. Porarei\u00e4ss\u00e4 usein on pieni\u00e4 katkenneita juuria, n\u00e4m\u00e4 voivat rikkoa paakun, ja taimen tuenta j\u00e4\u00e4 heikoksi. Suosittelemme, jos tilaa poran, kannattaa ottaa my\u00f6s taimitarrain. Sama tarrain toimii molemmilla porareill\u00e4. Paketissa mukana ohjeita ja lasku 14 pv netto. Toimitusaika 1-3 p\u00e4iv\u00e4\u00e4. Tee tilaus mieluiten s\u00e4hk\u00f6postilla tai tekstiviestill\u00e4, mutta my\u00f6s puhelimella, ei aivan auringon nousun ja laskun v\u00e4lill\u00e4, mutta melkein. S\u00e4hk\u00f6posti: rantakallio.seppo(at)gmail.comp. 040 501 6820","og_url":"https:\/\/www.miniforest.fi\/sivut\/hinnasto\/","og_site_name":"Mini Forest","article_modified_time":"2025-04-29T11:24:23+00:00","og_image":[{"url":"https:\/\/www.miniforest.fi\/sivut\/wp-content\/uploads\/2019\/03\/pora_netti-1024x314.jpg"}],"twitter_card":"summary_large_image","twitter_misc":{"Arvioitu lukuaika":"2 minuuttia"},"schema":{"@context":"https:\/\/schema.org","@graph":[{"@type":"WebPage","@id":"https:\/\/www.miniforest.fi\/sivut\/hinnasto\/","url":"https:\/\/www.miniforest.fi\/sivut\/hinnasto\/","name":"Tuotteet ja hinnasto - Mini Forest","isPartOf":{"@id":"https:\/\/www.miniforest.fi\/sivut\/#website"},"datePublished":"2024-04-12T20:50:31+00:00","dateModified":"2025-04-29T11:24:23+00:00","breadcrumb":{"@id":"https:\/\/www.miniforest.fi\/sivut\/hinnasto\/#breadcrumb"},"inLanguage":"fi","potentialAction":[{"@type":"ReadAction","target":["https:\/\/www.miniforest.fi\/sivut\/hinnasto\/"]}]},{"@type":"BreadcrumbList","@id":"https:\/\/www.miniforest.fi\/sivut\/hinnasto\/#breadcrumb","itemListElement":[{"@type":"ListItem","position":1,"name":"Home","item":"https:\/\/www.miniforest.fi\/sivut\/"},{"@type":"ListItem","position":2,"name":"Tuotteet ja hinnasto"}]},{"@type":"WebSite","@id":"https:\/\/www.miniforest.fi\/sivut\/#website","url":"https:\/\/www.miniforest.fi\/sivut\/","name":"Mini Forest","description":"M\u00c4T\u00c4STYKSET HISTORIAAN","potentialAction":[{"@type":"SearchAction","target":{"@type":"EntryPoint","urlTemplate":"https:\/\/www.miniforest.fi\/sivut\/?s={search_term_string}"},"query-input":"required name=search_term_string"}],"inLanguage":"fi"}]}},"jetpack-related-posts":[{"id":157,"url":"https:\/\/www.miniforest.fi\/sivut\/","url_meta":{"origin":147,"position":0},"title":"Mini Forest","date":"14.4.2024","format":false,"excerpt":"Mini Forest on nuori 2017 perustettu yritys, mutta perustajat ovat jo seniori-ik\u00e4\u00e4n ehtineit\u00e4. Yrityksen perustaminen tuli tarpeelliseksi, kun onnistuimme kehitt\u00e4\u00e4n uuden menetelm\u00e4n mets\u00e4puutaimien istuttamiseen. Akkuteknologian ja akkuporakoneiden kehittyminen tekiv\u00e4t kehitysty\u00f6n mahdolliseksi. Muutos oli todella suuri, sill\u00e4 15 tonnin kaivinkoneen maanmuokkausty\u00f6 tuli tarpeettomaksi. Se korvautui akkuporakoneeseen kiinnitetyn maaporan k\u00e4yt\u00f6ll\u00e4. Muutos oli\u2026","rel":"","context":"Samankaltainen artikkeli","img":{"alt_text":"","src":"https:\/\/i0.wp.com\/www.miniforest.fi\/sivut\/wp-content\/uploads\/2019\/03\/N\u00e4ytt\u00f6kuva-2019-3-21-kello-21.07.46.png?resize=350%2C200&ssl=1","width":350,"height":200},"classes":[]},{"id":2,"url":"https:\/\/www.miniforest.fi\/sivut\/hyvat-kollegat\/","url_meta":{"origin":147,"position":1},"title":"Hyv\u00e4t kollegat!","date":"21.3.2019","format":false,"excerpt":"Meit\u00e4 ei voida en\u00e4\u00e4 lain voimalla pakottaa, mutta suosituksin yh\u00e4 yritet\u00e4\u00e4n yllytt\u00e4\u00e4, avohakkuita ja maanmuokkauksia tekem\u00e4\u00e4n. Meid\u00e4n pit\u00e4\u00e4 perehty\u00e4 metsiemme ekologiaan, ett\u00e4 tied\u00e4mme miksi niit\u00e4 tulee v\u00e4ltt\u00e4\u00e4. \u201dKokonainen maailmankaikkeus piilee metsiemme maaper\u00e4ss\u00e4\u201d, sanoo er\u00e4s mets\u00e4maatieteen tutkija. Tutkittua tietoa emme helposti saa, mutta voimme lukea esimerkiksi kirjan\u00a0Mets\u00e4n salainen el\u00e4m\u00e4.\u00a0Sen j\u00e4lkeen aika\u2026","rel":"","context":"Samankaltainen artikkeli","img":{"alt_text":"","src":"","width":0,"height":0},"classes":[]},{"id":142,"url":"https:\/\/www.miniforest.fi\/sivut\/suomen-metsamafia\/","url_meta":{"origin":147,"position":2},"title":"Suomen Mets\u00e4mafia!","date":"12.4.2024","format":false,"excerpt":"Mets\u00e4nhoidon suositukset valmistellaan laajassa yhteisty\u00f6ss\u00e4 mets\u00e4-, ymp\u00e4rist\u00f6- ja ilmasto-alan toimijoiden kanssa. Ty\u00f6t\u00e4 luotsaavat korkean tason johtoryhm\u00e4 ja laaja-alainen ohjausryhm\u00e4. Johto- ja ohjausryhm\u00e4ty\u00f6ss\u00e4 on edustettuna noin 30 organisaatiota. Tapio koordinoi mets\u00e4nhoidon suositusten valmistelua ja yll\u00e4pitoa. T\u00e4m\u00e4 on se Suomen \"mets\u00e4mafia\", joka v\u00e4h\u00e4t v\u00e4litt\u00e4\u00e4 mets\u00e4maaper\u00e4tutkijoiden tutkimustuloksista, eik\u00e4 maaper\u00e4n \u00f6t\u00f6k\u00f6iden joukkoteurastukseen n\u00e4yt\u00e4 muutosta\u2026","rel":"","context":"Samankaltainen artikkeli","img":{"alt_text":"","src":"https:\/\/i0.wp.com\/www.miniforest.fi\/sivut\/wp-content\/uploads\/2024\/04\/MHS-jory-ohry-logot-210823.jpg?resize=350%2C200&ssl=1","width":350,"height":200},"classes":[]}],"jetpack_sharing_enabled":true,"jetpack_shortlink":"https:\/\/wp.me\/PaQ3V6-2n","acf":[],"_links":{"self":[{"href":"https:\/\/www.miniforest.fi\/sivut\/wp-json\/wp\/v2\/pages\/147","targetHints":{"allow":["GET"]}}],"collection":[{"href":"https:\/\/www.miniforest.fi\/sivut\/wp-json\/wp\/v2\/pages"}],"about":[{"href":"https:\/\/www.miniforest.fi\/sivut\/wp-json\/wp\/v2\/types\/page"}],"author":[{"embeddable":true,"href":"https:\/\/www.miniforest.fi\/sivut\/wp-json\/wp\/v2\/users\/1"}],"replies":[{"embeddable":true,"href":"https:\/\/www.miniforest.fi\/sivut\/wp-json\/wp\/v2\/comments?post=147"}],"version-history":[{"count":11,"href":"https:\/\/www.miniforest.fi\/sivut\/wp-json\/wp\/v2\/pages\/147\/revisions"}],"predecessor-version":[{"id":192,"href":"https:\/\/www.miniforest.fi\/sivut\/wp-json\/wp\/v2\/pages\/147\/revisions\/192"}],"wp:attachment":[{"href":"https:\/\/www.miniforest.fi\/sivut\/wp-json\/wp\/v2\/media?parent=147"}],"curies":[{"name":"wp","href":"https:\/\/api.w.org\/{rel}","templated":true}]}}